{"id":14359,"date":"2022-10-13T17:10:42","date_gmt":"2022-10-13T15:10:42","guid":{"rendered":"https:\/\/www.misceladoro.com\/prodotto\/grains-cafe-espresso-decafeine\/"},"modified":"2025-06-30T16:33:01","modified_gmt":"2025-06-30T14:33:01","slug":"grains-cafe-espresso-decafeine","status":"publish","type":"product","link":"https:\/\/www.misceladoro.com\/fr\/produit\/grains-cafe-espresso-decafeine\/","title":{"rendered":"Espresso D\u00e9caf\u00e9in\u00e9 \u2013 Grains de Caf\u00e9"},"content":{"rendered":"","protected":false},"excerpt":{"rendered":"<p class=\"p1\">L\u00e9ger et soyeux, surprenant et \u00e9l\u00e9gant en bouche, notes de noix et de pain grill\u00e9, de tabac et de chocolat, avec un arri\u00e8re-go\u00fbt ample et persistant.<br \/>\nCaf\u00e9ine max 0,10 % \/ D\u00e9caf\u00e9in\u00e9 \u00e0 l&rsquo;aide d&rsquo;eau pure, de vapeur et de substances aromatiques naturelles d\u00e9j\u00e0 pr\u00e9sentes dans le caf\u00e9, sans aucun autre additif.<\/p>\n<p><strong>Assemblage\u00a0:<\/strong>\u00a050\u00a0% Arabica et 50\u00a0% Robusta<\/p>\n","protected":false},"featured_media":10831,"template":"","meta":{"_acf_changed":false,"inline_featured_image":false},"product_brand":[],"product_cat":[740,718],"product_tag":[991,981,992,993,994,995,996,985,997],"class_list":{"0":"post-14359","1":"product","2":"type-product","3":"status-publish","4":"has-post-thumbnail","6":"product_cat-cafe-decafeine","7":"product_cat-grains-cafe","8":"product_tag-caffe-con-note-di-tabacco-fr","9":"product_tag-caffe-decaffeinato-fr","10":"product_tag-caffe-in-grani-fr","11":"product_tag-caffe-senza-caffeina-fr","12":"product_tag-caffeine-free-coffee-fr","13":"product_tag-coffee-with-tobacco-notes-fr","14":"product_tag-decaf-blend-fr","15":"product_tag-decaf-coffee-fr","16":"product_tag-miscela-decaffeinata-fr","18":"first","19":"instock","20":"taxable","21":"shipping-taxable","22":"purchasable","23":"product-type-simple"},"acf":[],"yoast_head":"<!-- This site is optimized with the Yoast SEO Premium plugin v26.7 (Yoast SEO v26.7) - https:\/\/yoast.com\/wordpress\/plugins\/seo\/ -->\n<title>Espresso D\u00e9caf\u00e9in\u00e9 - Grains de caf\u00e9 | Miscela d&#039;Oro<\/title>\n<meta name=\"description\" content=\"Grains d\u00e9caf\u00e9in\u00e9s\u00a0: saveur intense, notes de chocolat et noix. Expresso onctueux sans caf\u00e9ine, pour une d\u00e9gustation \u00e0 toute heure.\" \/>\n<meta name=\"robots\" content=\"index, follow, max-snippet:-1, max-image-preview:large, max-video-preview:-1\" \/>\n<link rel=\"canonical\" href=\"https:\/\/www.misceladoro.com\/fr\/produit\/grains-cafe-espresso-decafeine\/\" \/>\n<meta property=\"og:locale\" content=\"fr_FR\" \/>\n<meta property=\"og:type\" content=\"article\" \/>\n<meta property=\"og:title\" content=\"Espresso D\u00e9caf\u00e9in\u00e9 \u2013 Grains de Caf\u00e9\" \/>\n<meta property=\"og:description\" content=\"Gusta l\u2019Espresso Decaffeinato di Miscela d&#039;Oro. Caff\u00e8 in grani decaffeinato con note di noci e cioccolato. Acquista online ora!\" \/>\n<meta property=\"og:url\" content=\"https:\/\/www.misceladoro.com\/fr\/produit\/grains-cafe-espresso-decafeine\/\" \/>\n<meta property=\"og:site_name\" content=\"Miscela d&#039;Oro\" \/>\n<meta property=\"article:publisher\" content=\"https:\/\/www.facebook.com\/MDOSicilia1946\" \/>\n<meta property=\"article:modified_time\" content=\"2025-06-30T14:33:01+00:00\" \/>\n<meta property=\"og:image\" content=\"https:\/\/www.misceladoro.com\/wp-content\/uploads\/2022\/10\/decaf-grani.png\" \/>\n\t<meta property=\"og:image:width\" content=\"941\" \/>\n\t<meta property=\"og:image:height\" content=\"941\" \/>\n\t<meta property=\"og:image:type\" content=\"image\/png\" \/>\n<meta name=\"twitter:card\" content=\"summary_large_image\" \/>\n<meta name=\"twitter:description\" content=\"Gusta l\u2019Espresso Decaffeinato di Miscela d&#039;Oro. Caff\u00e8 in grani decaffeinato con note di noci e cioccolato. Acquista online ora!\" \/>\n<meta name=\"twitter:site\" content=\"@miscela_doro\" \/>\n<meta name=\"twitter:label1\" content=\"Dur\u00e9e de lecture estim\u00e9e\" \/>\n\t<meta name=\"twitter:data1\" content=\"1 minute\" \/>\n<script type=\"application\/ld+json\" class=\"yoast-schema-graph\">{\"@context\":\"https:\/\/schema.org\",\"@graph\":[{\"@type\":\"WebPage\",\"@id\":\"https:\/\/www.misceladoro.com\/fr\/produit\/grains-cafe-espresso-decafeine\/\",\"url\":\"https:\/\/www.misceladoro.com\/fr\/produit\/grains-cafe-espresso-decafeine\/\",\"name\":\"Espresso D\u00e9caf\u00e9in\u00e9 - Grains de caf\u00e9 | Miscela d&#039;Oro\",\"isPartOf\":{\"@id\":\"https:\/\/www.misceladoro.com\/fr\/#website\"},\"primaryImageOfPage\":{\"@id\":\"https:\/\/www.misceladoro.com\/fr\/produit\/grains-cafe-espresso-decafeine\/#primaryimage\"},\"image\":{\"@id\":\"https:\/\/www.misceladoro.com\/fr\/produit\/grains-cafe-espresso-decafeine\/#primaryimage\"},\"thumbnailUrl\":\"https:\/\/www.misceladoro.com\/wp-content\/uploads\/2022\/10\/decaf-grani.png\",\"datePublished\":\"2022-10-13T15:10:42+00:00\",\"dateModified\":\"2025-06-30T14:33:01+00:00\",\"description\":\"Grains d\u00e9caf\u00e9in\u00e9s\u00a0: saveur intense, notes de chocolat et noix. Expresso onctueux sans caf\u00e9ine, pour une d\u00e9gustation \u00e0 toute heure.\",\"breadcrumb\":{\"@id\":\"https:\/\/www.misceladoro.com\/fr\/produit\/grains-cafe-espresso-decafeine\/#breadcrumb\"},\"inLanguage\":\"fr-FR\",\"potentialAction\":[{\"@type\":\"ReadAction\",\"target\":[\"https:\/\/www.misceladoro.com\/fr\/produit\/grains-cafe-espresso-decafeine\/\"]}]},{\"@type\":\"ImageObject\",\"inLanguage\":\"fr-FR\",\"@id\":\"https:\/\/www.misceladoro.com\/fr\/produit\/grains-cafe-espresso-decafeine\/#primaryimage\",\"url\":\"https:\/\/www.misceladoro.com\/wp-content\/uploads\/2022\/10\/decaf-grani.png\",\"contentUrl\":\"https:\/\/www.misceladoro.com\/wp-content\/uploads\/2022\/10\/decaf-grani.png\",\"width\":941,\"height\":941,\"caption\":\"|\"},{\"@type\":\"BreadcrumbList\",\"@id\":\"https:\/\/www.misceladoro.com\/fr\/produit\/grains-cafe-espresso-decafeine\/#breadcrumb\",\"itemListElement\":[{\"@type\":\"ListItem\",\"position\":1,\"name\":\"Home\",\"item\":\"https:\/\/www.misceladoro.com\/fr\/\"},{\"@type\":\"ListItem\",\"position\":2,\"name\":\"Shop\",\"item\":\"https:\/\/www.misceladoro.com\/fr\/shop\/\"},{\"@type\":\"ListItem\",\"position\":3,\"name\":\"Caf\u00e9 d\u00e9caf\u00e9in\u00e9\u200b\",\"item\":\"https:\/\/www.misceladoro.com\/fr\/cafe-decafeine\/\"},{\"@type\":\"ListItem\",\"position\":4,\"name\":\"Espresso D\u00e9caf\u00e9in\u00e9 \u2013 Grains de Caf\u00e9\"}]},{\"@type\":\"WebSite\",\"@id\":\"https:\/\/www.misceladoro.com\/fr\/#website\",\"url\":\"https:\/\/www.misceladoro.com\/fr\/\",\"name\":\"Miscela d'Oro\",\"description\":\"Artigiani del caff\u00e8 dal 1946\",\"publisher\":{\"@id\":\"https:\/\/www.misceladoro.com\/fr\/#organization\"},\"potentialAction\":[{\"@type\":\"SearchAction\",\"target\":{\"@type\":\"EntryPoint\",\"urlTemplate\":\"https:\/\/www.misceladoro.com\/fr\/?s={search_term_string}\"},\"query-input\":{\"@type\":\"PropertyValueSpecification\",\"valueRequired\":true,\"valueName\":\"search_term_string\"}}],\"inLanguage\":\"fr-FR\"},{\"@type\":\"Organization\",\"@id\":\"https:\/\/www.misceladoro.com\/fr\/#organization\",\"name\":\"Miscela d'Oro\",\"url\":\"https:\/\/www.misceladoro.com\/fr\/\",\"logo\":{\"@type\":\"ImageObject\",\"inLanguage\":\"fr-FR\",\"@id\":\"https:\/\/www.misceladoro.com\/fr\/#\/schema\/logo\/image\/\",\"url\":\"https:\/\/www.misceladoro.com\/wp-content\/uploads\/2022\/10\/LogoMiscelaOro-logo.png\",\"contentUrl\":\"https:\/\/www.misceladoro.com\/wp-content\/uploads\/2022\/10\/LogoMiscelaOro-logo.png\",\"width\":200,\"height\":120,\"caption\":\"Miscela d'Oro\"},\"image\":{\"@id\":\"https:\/\/www.misceladoro.com\/fr\/#\/schema\/logo\/image\/\"},\"sameAs\":[\"https:\/\/www.facebook.com\/MDOSicilia1946\",\"https:\/\/x.com\/miscela_doro\",\"https:\/\/www.instagram.com\/misceladoro\/\"]}]}<\/script>\n<!-- \/ Yoast SEO Premium plugin. -->","yoast_head_json":{"title":"Espresso D\u00e9caf\u00e9in\u00e9 - Grains de caf\u00e9 | Miscela d&#039;Oro","description":"Grains d\u00e9caf\u00e9in\u00e9s\u00a0: saveur intense, notes de chocolat et noix. Expresso onctueux sans caf\u00e9ine, pour une d\u00e9gustation \u00e0 toute heure.","robots":{"index":"index","follow":"follow","max-snippet":"max-snippet:-1","max-image-preview":"max-image-preview:large","max-video-preview":"max-video-preview:-1"},"canonical":"https:\/\/www.misceladoro.com\/fr\/produit\/grains-cafe-espresso-decafeine\/","og_locale":"fr_FR","og_type":"article","og_title":"Espresso D\u00e9caf\u00e9in\u00e9 \u2013 Grains de Caf\u00e9","og_description":"Gusta l\u2019Espresso Decaffeinato di Miscela d'Oro. Caff\u00e8 in grani decaffeinato con note di noci e cioccolato. Acquista online ora!","og_url":"https:\/\/www.misceladoro.com\/fr\/produit\/grains-cafe-espresso-decafeine\/","og_site_name":"Miscela d&#039;Oro","article_publisher":"https:\/\/www.facebook.com\/MDOSicilia1946","article_modified_time":"2025-06-30T14:33:01+00:00","og_image":[{"width":941,"height":941,"url":"https:\/\/www.misceladoro.com\/wp-content\/uploads\/2022\/10\/decaf-grani.png","type":"image\/png"}],"twitter_card":"summary_large_image","twitter_description":"Gusta l\u2019Espresso Decaffeinato di Miscela d'Oro. Caff\u00e8 in grani decaffeinato con note di noci e cioccolato. Acquista online ora!","twitter_site":"@miscela_doro","twitter_misc":{"Dur\u00e9e de lecture estim\u00e9e":"1 minute"},"schema":{"@context":"https:\/\/schema.org","@graph":[{"@type":"WebPage","@id":"https:\/\/www.misceladoro.com\/fr\/produit\/grains-cafe-espresso-decafeine\/","url":"https:\/\/www.misceladoro.com\/fr\/produit\/grains-cafe-espresso-decafeine\/","name":"Espresso D\u00e9caf\u00e9in\u00e9 - Grains de caf\u00e9 | Miscela d&#039;Oro","isPartOf":{"@id":"https:\/\/www.misceladoro.com\/fr\/#website"},"primaryImageOfPage":{"@id":"https:\/\/www.misceladoro.com\/fr\/produit\/grains-cafe-espresso-decafeine\/#primaryimage"},"image":{"@id":"https:\/\/www.misceladoro.com\/fr\/produit\/grains-cafe-espresso-decafeine\/#primaryimage"},"thumbnailUrl":"https:\/\/www.misceladoro.com\/wp-content\/uploads\/2022\/10\/decaf-grani.png","datePublished":"2022-10-13T15:10:42+00:00","dateModified":"2025-06-30T14:33:01+00:00","description":"Grains d\u00e9caf\u00e9in\u00e9s\u00a0: saveur intense, notes de chocolat et noix. Expresso onctueux sans caf\u00e9ine, pour une d\u00e9gustation \u00e0 toute heure.","breadcrumb":{"@id":"https:\/\/www.misceladoro.com\/fr\/produit\/grains-cafe-espresso-decafeine\/#breadcrumb"},"inLanguage":"fr-FR","potentialAction":[{"@type":"ReadAction","target":["https:\/\/www.misceladoro.com\/fr\/produit\/grains-cafe-espresso-decafeine\/"]}]},{"@type":"ImageObject","inLanguage":"fr-FR","@id":"https:\/\/www.misceladoro.com\/fr\/produit\/grains-cafe-espresso-decafeine\/#primaryimage","url":"https:\/\/www.misceladoro.com\/wp-content\/uploads\/2022\/10\/decaf-grani.png","contentUrl":"https:\/\/www.misceladoro.com\/wp-content\/uploads\/2022\/10\/decaf-grani.png","width":941,"height":941,"caption":"|"},{"@type":"BreadcrumbList","@id":"https:\/\/www.misceladoro.com\/fr\/produit\/grains-cafe-espresso-decafeine\/#breadcrumb","itemListElement":[{"@type":"ListItem","position":1,"name":"Home","item":"https:\/\/www.misceladoro.com\/fr\/"},{"@type":"ListItem","position":2,"name":"Shop","item":"https:\/\/www.misceladoro.com\/fr\/shop\/"},{"@type":"ListItem","position":3,"name":"Caf\u00e9 d\u00e9caf\u00e9in\u00e9\u200b","item":"https:\/\/www.misceladoro.com\/fr\/cafe-decafeine\/"},{"@type":"ListItem","position":4,"name":"Espresso D\u00e9caf\u00e9in\u00e9 \u2013 Grains de Caf\u00e9"}]},{"@type":"WebSite","@id":"https:\/\/www.misceladoro.com\/fr\/#website","url":"https:\/\/www.misceladoro.com\/fr\/","name":"Miscela d'Oro","description":"Artigiani del caff\u00e8 dal 1946","publisher":{"@id":"https:\/\/www.misceladoro.com\/fr\/#organization"},"potentialAction":[{"@type":"SearchAction","target":{"@type":"EntryPoint","urlTemplate":"https:\/\/www.misceladoro.com\/fr\/?s={search_term_string}"},"query-input":{"@type":"PropertyValueSpecification","valueRequired":true,"valueName":"search_term_string"}}],"inLanguage":"fr-FR"},{"@type":"Organization","@id":"https:\/\/www.misceladoro.com\/fr\/#organization","name":"Miscela d'Oro","url":"https:\/\/www.misceladoro.com\/fr\/","logo":{"@type":"ImageObject","inLanguage":"fr-FR","@id":"https:\/\/www.misceladoro.com\/fr\/#\/schema\/logo\/image\/","url":"https:\/\/www.misceladoro.com\/wp-content\/uploads\/2022\/10\/LogoMiscelaOro-logo.png","contentUrl":"https:\/\/www.misceladoro.com\/wp-content\/uploads\/2022\/10\/LogoMiscelaOro-logo.png","width":200,"height":120,"caption":"Miscela d'Oro"},"image":{"@id":"https:\/\/www.misceladoro.com\/fr\/#\/schema\/logo\/image\/"},"sameAs":["https:\/\/www.facebook.com\/MDOSicilia1946","https:\/\/x.com\/miscela_doro","https:\/\/www.instagram.com\/misceladoro\/"]}]}},"_links":{"self":[{"href":"https:\/\/www.misceladoro.com\/fr\/wp-json\/wp\/v2\/product\/14359","targetHints":{"allow":["GET"]}}],"collection":[{"href":"https:\/\/www.misceladoro.com\/fr\/wp-json\/wp\/v2\/product"}],"about":[{"href":"https:\/\/www.misceladoro.com\/fr\/wp-json\/wp\/v2\/types\/product"}],"wp:featuredmedia":[{"embeddable":true,"href":"https:\/\/www.misceladoro.com\/fr\/wp-json\/wp\/v2\/media\/10831"}],"wp:attachment":[{"href":"https:\/\/www.misceladoro.com\/fr\/wp-json\/wp\/v2\/media?parent=14359"}],"wp:term":[{"taxonomy":"product_brand","embeddable":true,"href":"https:\/\/www.misceladoro.com\/fr\/wp-json\/wp\/v2\/product_brand?post=14359"},{"taxonomy":"product_cat","embeddable":true,"href":"https:\/\/www.misceladoro.com\/fr\/wp-json\/wp\/v2\/product_cat?post=14359"},{"taxonomy":"product_tag","embeddable":true,"href":"https:\/\/www.misceladoro.com\/fr\/wp-json\/wp\/v2\/product_tag?post=14359"}],"curies":[{"name":"wp","href":"https:\/\/api.w.org\/{rel}","templated":true}]}}